{"id":1258,"date":"2024-09-17T12:32:19","date_gmt":"2024-09-17T10:32:19","guid":{"rendered":"https:\/\/www.acteo.be\/?post_type=publication&#038;p=1258"},"modified":"2024-09-17T14:16:35","modified_gmt":"2024-09-17T12:16:35","slug":"lai-act-est-arrive","status":"publish","type":"publication","link":"https:\/\/www.acteo.be\/nl\/nos-publications\/lai-act-est-arrive\/","title":{"rendered":"L\u2019AI Act est arriv\u00e9\u2026\u00a0\u00a0 \u00a0\u00a0"},"content":{"rendered":"\n<p>En mars dernier, apr\u00e8s trois ann\u00e9es de pr\u00e9paration, le Parlement europ\u00e9en adoptait d\u00e9finitivement le projet de r\u00e8glement visant \u00e0 encadrer le d\u00e9veloppement de l\u2019intelligence artificielle (AI) sur le sol europ\u00e9en.<\/p>\n\n\n\n<p>Le 12 juillet 2024, le R\u00e8glement (UE) 2024\/1689 du Parlement europ\u00e9en et du Conseil du 13&nbsp;juin 2024 \u00e9tablissant des r\u00e8gles harmonis\u00e9es relatives \u00e0 l\u2019intelligence artificielle a \u00e9t\u00e9 publi\u00e9 au Journal officiel de l\u2019Union europ\u00e9enne (ci-apr\u00e8s \u00ab&nbsp;l\u2019AI Act&nbsp;\u00bb).<\/p>\n\n\n\n<p>L\u2019AI Act a la particularit\u00e9 in\u00e9dite d\u2019\u00eatre le tout premier acte l\u00e9gislatif en mati\u00e8re d\u2019intelligence artificielle.<\/p>\n\n\n\n<p>L\u2019objectif de l\u2019AI Act est de r\u00e9guler un domaine d\u2019activit\u00e9 en pleine expansion avec des applications multiples dans tous les aspects de la vie humaine. Ces d\u00e9veloppements r\u00e9cents permettent aux entreprises ainsi qu\u2019\u00e0 toute organisation, priv\u00e9e ou publique, de gagner en efficacit\u00e9, en automatisant certaines t\u00e2ches et en analysant de grandes quantit\u00e9s de donn\u00e9es.<\/p>\n\n\n\n<p>Toutefois, ces \u00e9volutions s\u2019accompagnent de risques importants sur les usages et les traitements de telles quantit\u00e9s de donn\u00e9es et d\u2019informations. Pour cette raison, l\u2019AI Act a pour objectif principal \u00ab&nbsp;<em>de promouvoir l\u2019adoption de l\u2019intelligence artificielle (IA) ax\u00e9e sur l\u2019humain et digne de confiance<\/em>&nbsp;\u00bb<a href=\"#_ftn1\" id=\"_ftnref1\">[1]<\/a>.&nbsp;&nbsp;<\/p>\n\n\n\n<p>Il s\u2019agit surtout de s\u2019assurer que les syst\u00e8mes d\u2019IA (ci-apr\u00e8s \u00ab&nbsp;SIA&nbsp;\u00bb), respectent les droits fondamentaux, la s\u00e9curit\u00e9 et les principes \u00e9thiques, tout en neutralisant les mod\u00e8les les plus risqu\u00e9s et dangereux pour le public tels que les algorithmes AI qui sont un risque pour la confidentialit\u00e9 des informations, ceux qui automatisent des processus malveillants ou optimisent des strat\u00e9gies d\u2019attaque ou encore ceux qui cr\u00e9er des messages et des sites de phishing extr\u00eamement cr\u00e9dibles\u2026<\/p>\n\n\n\n<p><strong><mark style=\"background-color:rgba(0, 0, 0, 0)\" class=\"has-inline-color has-vivid-cyan-blue-color\">Qui est vis\u00e9&nbsp;? &nbsp;&nbsp;<\/mark><\/strong><\/p>\n\n\n\n<p>Sont concern\u00e9s tous les op\u00e9rateurs de SIA (fournisseurs et utilisateurs) actifs sur le territoire de l\u2019Union europ\u00e9enne, m\u00eame lorsqu\u2019ils sont \u00e9tablis hors de ce territoire.<\/p>\n\n\n\n<p>Est notamment vis\u00e9e une pluralit\u00e9 d\u2019acteurs intervenant dans la conception, la mise sur le march\u00e9 et \u00e0 l\u2019utilisation ult\u00e9rieure du SIA. Parmi ces acteurs, on distingue le fournisseur, le d\u00e9ployeur, le mandataire, l\u2019importateur et le distributeur.<\/p>\n\n\n\n<p>L\u2019AI Act accorde une attention particuli\u00e8re au \u00ab&nbsp;fournisseur&nbsp;\u00bb et au \u00ab&nbsp;d\u00e9ployeur&nbsp;\u00bb. Le premier est toute personne ou entit\u00e9 d\u00e9veloppant ou faisant d\u00e9velopper un syst\u00e8me ou mod\u00e8le d\u2019IA \u00e0 usage g\u00e9n\u00e9ral et le commercialisant sous son propre nom ou sa propre marque, tandis que le second, repr\u00e9sente toute personne ou organisation utilisant un syst\u00e8me d\u2019IA sous sa propre autorit\u00e9.<\/p>\n\n\n\n<p><strong><mark style=\"background-color:rgba(0, 0, 0, 0)\" class=\"has-inline-color has-vivid-cyan-blue-color\">Quels sont les syst\u00e8mes et mod\u00e8les d\u2019IA concern\u00e9s&nbsp;?<\/mark><\/strong><\/p>\n\n\n\n<p>L\u2019AI Act d\u00e9crit plusieurs cat\u00e9gories de SIA. Le SIA est d\u00e9fini comme \u00ab&nbsp;<em>un syst\u00e8me automatis\u00e9 qui est con\u00e7u pour fonctionner \u00e0 diff\u00e9rents niveaux d\u2019autonomie et peut faire preuve d\u2019une capacit\u00e9 d\u2019adaptation apr\u00e8s son d\u00e9ploiement, et qui, (\u2026), d\u00e9duit, \u00e0 partir des entr\u00e9es qu\u2019il re\u00e7oit, la mani\u00e8re de g\u00e9n\u00e9rer des sorties telles que des pr\u00e9dictions, du contenu, des recommandations ou des d\u00e9cisions (\u2026)<\/em>&nbsp;\u00bb.<\/p>\n\n\n\n<p>L\u2019AI Act classe ces syst\u00e8mes en fonction du niveau de risque associ\u00e9 \u00e0 leur utilisation.<\/p>\n\n\n\n<p>Tout d\u2019abord, il convient d\u2019exclure d\u2019embl\u00e9e plusieurs syst\u00e8mes qui, pour des motifs divers, \u00e9chappent au AI Act :<\/p>\n\n\n\n<ul class=\"wp-block-list\">\n<li>Les SIA d\u00e9velopp\u00e9s ou utilis\u00e9s exclusivement \u00e0 des fins militaires&nbsp;;<\/li>\n\n\n\n<li>Les SIA g\u00e9r\u00e9s par une autorit\u00e9 publique d\u2019un pays tiers \/ d\u2019une organisation internationale dans le cadre d\u2019une coop\u00e9ration ou d\u2019accords&nbsp;;<\/li>\n\n\n\n<li>Les activit\u00e9s de mise \u00e0 l\u2019essai et de d\u00e9veloppement (activit\u00e9s pr\u00e9alablement \u00e0 la mise sur le march\u00e9 \/ mise en service de du syst\u00e8me)&nbsp;;<\/li>\n\n\n\n<li>Les composants d\u2019IA fournis dans le cadre de licences libres et ouvertes (hors IA sp\u00e9cialis\u00e9e \u00e0 haut risque ou pratique interdite).<\/li>\n<\/ul>\n\n\n\n<p>Pour les autres, ils sont class\u00e9s comme suit&nbsp;:<\/p>\n\n\n\n<p>1.      <strong><u>Les risques inacceptables<\/u><\/strong>&nbsp;: un ensemble tr\u00e8s limit\u00e9 d&#8217;utilisations qui portent atteinte \u00e0 des droits fondamentaux, et sont donc strictement interdites :<\/p>\n\n\n\n<ul class=\"wp-block-list\">\n<li>l&#8217;exploitation des vuln\u00e9rabilit\u00e9s des personnes, la manipulation et le recours \u00e0 des techniques subliminales;<\/li>\n\n\n\n<li>la notation sociale \u00e0 des fins publiques et priv\u00e9es;<\/li>\n\n\n\n<li>la police pr\u00e9dictive ciblant les individus, fond\u00e9e uniquement sur le profilage des personnes;<\/li>\n\n\n\n<li>le moissonnage non cibl\u00e9 d&#8217;images provenant de l&#8217;internet ou de la vid\u00e9osurveillance afin de constituer ou d&#8217;\u00e9tendre des bases de donn\u00e9es de reconnaissance faciale;<\/li>\n\n\n\n<li>la reconnaissance des \u00e9motions sur le lieu de travail et dans les \u00e9tablissements d&#8217;enseignement, sauf pour des raisons m\u00e9dicales ou de s\u00e9curit\u00e9 (par exemple, surveillance de l&#8217;\u00e9tat de fatigue d&#8217;un pilote);<\/li>\n\n\n\n<li>la cat\u00e9gorisation biom\u00e9trique des personnes physiques afin de parvenir \u00e0 des d\u00e9ductions ou des inf\u00e9rences concernant leur race, leurs opinions politiques, leur affiliation \u00e0 une organisation syndicale, leurs convictions religieuses ou philosophiques ou leur orientation sexuelle. L&#8217;\u00e9tiquetage ou le filtrage d&#8217;ensembles de donn\u00e9es et la cat\u00e9gorisation de donn\u00e9es dans le domaine r\u00e9pressif demeureront possibles;<\/li>\n\n\n\n<li>l&#8217;utilisation par les services r\u00e9pressifs de l&#8217;identification biom\u00e9trique \u00e0 distance en temps r\u00e9el dans des espaces accessibles au public, sauf exceptions strictement limit\u00e9es (voir ci-dessous).<\/li>\n<\/ul>\n\n\n\n<p>2.     <strong><u>Les syst\u00e8mes \u00e0 \u00ab&nbsp;haut risque&nbsp;\u00bb<\/u><\/strong> :il s\u2019agit aussi d\u2019un nombre limit\u00e9 de syst\u00e8mes d&#8217;IA qui peuvent avoir une incidence n\u00e9gative sur la s\u00e9curit\u00e9 des personnes ou sur leurs droits fondamentaux.&nbsp;<\/p>\n\n\n\n<p>Pour qu\u2019un SIA soit consid\u00e9r\u00e9 comme \u00e0 \u00ab&nbsp;haut risque&nbsp;\u00bb, il doit r\u00e9unir les deux conditions suivantes&nbsp;:<\/p>\n\n\n\n<ul class=\"wp-block-list\">\n<li>\u00catre des composants de s\u00e9curit\u00e9 de produits couverts par une l\u00e9gislation sectorielle de l&#8217;Union (voir Annexe I du IA Act)&nbsp;; &nbsp;<\/li>\n\n\n\n<li>\u00catre soumis \u00e0 une \u00e9valuation de la conformit\u00e9 par un tiers.<\/li>\n<\/ul>\n\n\n\n<p>A titre illustratif, sont consid\u00e9r\u00e9s comme \u00e9tant \u00e0 \u00ab&nbsp;haut risque&nbsp;\u00bb les SIA qui \u00e9valuent si une personne est en mesure de recevoir un traitement m\u00e9dical d\u00e9termin\u00e9, de se voir accorder un pr\u00eat pour acheter un appartement ou encore ceux qui sont con\u00e7us pour s\u00e9curiser et g\u00e9rer les infrastructures num\u00e9riques critiques, la circulation routi\u00e8re, ainsi que la distribution d\u2019eau, de gaz, de chauffage ou d\u2019\u00e9lectricit\u00e9.<\/p>\n\n\n\n<p>Les listes des syst\u00e8mes d&#8217;IA \u00e0 \u00ab&nbsp;haut risque&nbsp;\u00bb figurent \u00e0 l\u2019Annexe III de l\u2019IA Act.<\/p>\n\n\n\n<p>3.      <strong><u>Les syst\u00e8mes \u00ab&nbsp;\u00e0 usage g\u00e9n\u00e9ral&nbsp;\u00bb<\/u>&nbsp;: <\/strong>ce sont des syst\u00e8mes con\u00e7us sur un large \u00e9ventail de donn\u00e9es dans afin d\u2019\u00eatre optimis\u00e9s pour des usages g\u00e9n\u00e9raux et polyvalents. C\u2019est par exemple le cas de l\u2019IA g\u00e9n\u00e9rative tel que \u00ab&nbsp;Chat GPT&nbsp;\u00bb qui est capable d\u2019accomplir diverses t\u00e2ches \u00e0 la demande.<\/p>\n\n\n\n<p>Parmi ces syst\u00e8mes \u00ab&nbsp;\u00e0 usage g\u00e9n\u00e9ral&nbsp;\u00bb, l\u2019IA Act vise sp\u00e9cifiquement ceux qui pr\u00e9sentent un \u00ab&nbsp;risque syst\u00e9mique&nbsp;\u00bb, c\u2019est-\u00e0-dire des grands mod\u00e8les d&#8217;IA g\u00e9n\u00e9rative tr\u00e8s performant qui pourraient affecter n\u00e9gativement de nombreuses personnes. L\u2019IA Act pr\u00e9cise qu\u2019un tel risque existe lorsque le SIA dispose de capacit\u00e9s \u00e0 fort impact \u00e9valu\u00e9es sur la base de m\u00e9thodologies et d\u2019outils techniques appropri\u00e9s.&nbsp;<\/p>\n\n\n\n<p>Selon la Commission, les mod\u00e8les d&#8217;IA \u00e0 usage g\u00e9n\u00e9ral qui ont \u00e9t\u00e9 entra\u00een\u00e9s \u00e0 l&#8217;aide d&#8217;une puissance de calcul totale sup\u00e9rieure \u00e0 10^25 FLOPS sont consid\u00e9r\u00e9s comme pr\u00e9sentant des risques syst\u00e9miques<a href=\"#_ftn2\" id=\"_ftnref2\">[2]<\/a>.<\/p>\n\n\n\n<p>\u00c0 l\u2019heure actuelle, seuls les mod\u00e8les Gemini de Google et ChatGPT d\u2019OpenAI d\u00e9passent le seuil fix\u00e9<a href=\"#_ftn3\" id=\"_ftnref3\">[3]<\/a>.<\/p>\n\n\n\n<p><mark style=\"background-color:rgba(0, 0, 0, 0)\" class=\"has-inline-color has-vivid-cyan-blue-color\"><strong>Quels obligations&nbsp;?<\/strong><\/mark><\/p>\n\n\n\n<p>L\u2019AI Act \u00e9tablit des exigences diff\u00e9renci\u00e9es selon les acteurs et la cat\u00e9gorie de SIA. Il est donc essentiel de d\u00e9finir au pr\u00e9alable le r\u00f4le de l\u2019op\u00e9rateur et le niveau de risque de d\u00e9terminer les obligations applicables.<\/p>\n\n\n\n<p>1.      <strong><span style=\"text-decoration: underline;\">Obligation de transparence<\/span><\/strong> (article 50 AI Act)<\/p>\n\n\n\n<p>Il s\u2019agit d\u2019une obligation g\u00e9n\u00e9rale \u00e0 l\u2019\u00e9gard des fournisseurs et d\u00e9ployeurs de certains SIA. Il s\u2019agit d\u2019une obligation de transparence mati\u00e8re d&#8217;utilisation de l&#8217;IA qui vise \u00e0 renforcer la confiance en cas d\u2019interaction entre une personne physique et un SIA.<\/p>\n\n\n\n<p>La personne physique doit notamment savoir qu\u2019elle interagit avec un SIA, sauf si cela ressort de mani\u00e8re \u00e9vidente du contexte d\u2019utilisation (Ex&nbsp;: \u00e9change avec un chatbot sur un site).<\/p>\n\n\n\n<p>Les sorties des SIA doivent aussi \u00eatre marqu\u00e9es dans un format lisible par machine et identifiables comme ayant \u00e9t\u00e9 g\u00e9n\u00e9r\u00e9es ou manipul\u00e9es par une IA.<\/p>\n\n\n\n<p>2.       <strong><span style=\"text-decoration: underline;\">Obligations des fournisseurs de SIA \u00ab&nbsp;\u00e0 haut risque&nbsp;\u00bb<\/span><\/strong><\/p>\n\n\n\n<p>Les fournisseurs de SIA \u00e0 \u00ab&nbsp;haut risque&nbsp;\u00bb sont soumis \u00e0 un ensemble d\u2019obligations pour garantir la s\u00e9curit\u00e9 et la transparence des syst\u00e8mes.<\/p>\n\n\n\n<p>Cela inclut notamment&nbsp;:<\/p>\n\n\n\n<ul class=\"wp-block-list\">\n<li>La mise en place de processus de gestion des risques tout au long du cycle de vie du SIA&nbsp;;<\/li>\n\n\n\n<li>Formation du syst\u00e8me avec des donn\u00e9es et des ensembles de donn\u00e9es qui r\u00e9pondent \u00e0 certains crit\u00e8res de qualit\u00e9&nbsp;;<\/li>\n\n\n\n<li>Faire l&#8217;objet d&#8217;une \u00e9valuation de la conformit\u00e9 du SIA pour le mettre sur le march\u00e9. Le fournisseur pourra ainsi d\u00e9montrer que son syst\u00e8me est conforme aux exigences obligatoires relatives \u00e0 une IA digne de confiance. Cela implique la mise en place d\u2019une documentation technique d\u00e9montrant la conformit\u00e9.<\/li>\n<\/ul>\n\n\n\n<p>3.       <strong><span style=\"text-decoration: underline;\">Obligations des d\u00e9ployeurs de SIA \u00ab \u00e0 haut risque \u00bb<\/span><\/strong><\/p>\n\n\n\n<p>Les d\u00e9ployeurs de syst\u00e8mes d\u2019IA doivent garantir une utilisation s\u00fbre et conforme de ces technologies, et d\u2019assurer une surveillance continue de leur fonctionnement.<\/p>\n\n\n\n<p>Ils doivent ainsi prendre des mesures techniques et organisationnelles appropri\u00e9es pour garantir que l\u2019utilisation des SIA est conforme aux instructions fournies par le fournisseur, assurer un contr\u00f4le humain ad\u00e9quat, veiller \u00e0 ce que les donn\u00e9es d\u2019entr\u00e9e des syst\u00e8mes soient pertinentes et repr\u00e9sentatives pour assurer le bon fonctionnement du syst\u00e8me, et informer les fournisseurs, les importateurs ou distributeurs, ainsi que les autorit\u00e9s de surveillance comp\u00e9tentes en cas de risque ou d\u2019incident grave.<\/p>\n\n\n\n<p><strong><mark style=\"background-color:rgba(0, 0, 0, 0)\" class=\"has-inline-color has-vivid-cyan-blue-color\">Politique de soutien \u00e0 l\u2019innovation&nbsp;?<\/mark><\/strong><\/p>\n\n\n\n<p>L\u2019IA Act pr\u00e9voit la mise en place obligatoire d&#8217;au moins un \u00ab bac \u00e0 sable \u00bb r\u00e9glementaire de l&#8217;IA dans chaque \u00c9tat membre. Il s\u2019agit d\u2019un cadre mis en place par un r\u00e9gulateur qui permet aux entreprises, aux start-ups, d\u2019avoir la libert\u00e9 de tester des technologies, des produits, des services et des m\u00e9thodes de travail innovants dans un environnement r\u00e9el mais contr\u00f4l\u00e9, sous la supervision du r\u00e9gulateur \u00e9tatique.<\/p>\n\n\n\n<p><strong><mark style=\"background-color:rgba(0, 0, 0, 0)\" class=\"has-inline-color has-vivid-cyan-blue-color\">Les sanctions&nbsp;?<\/mark><\/strong><\/p>\n\n\n\n<p>L\u2019IA Act met en place un syst\u00e8me de gouvernance \u00e0 deux niveaux en vue d\u2019assurer l\u2019efficacit\u00e9 du R\u00e8glement. D\u2019une part, les r\u00e9gulateurs nationaux sont charg\u00e9s de superviser et de faire respecter les r\u00e8gles applicables aux SIA, et, d\u2019autre part, le Bureau de l\u2019IA, au sein de la Commission, sera en charge d&#8217;appliquer toutes les dispositions relatives aux mod\u00e8les d&#8217;IA \u00e0 usage g\u00e9n\u00e9ral.<\/p>\n\n\n\n<p>Afin de garantir la coh\u00e9rence et la coop\u00e9ration \u00e0 l&#8217;\u00e9chelle de l&#8217;Union, le Comit\u00e9 europ\u00e9en de l&#8217;intelligence artificielle (\u00abComit\u00e9 IA\u00bb) sera cr\u00e9\u00e9 et sera constitu\u00e9 de repr\u00e9sentants des \u00c9tats membres afin d\u2019assurer une collaboration entre autorit\u00e9s comp\u00e9tentes.<\/p>\n\n\n\n<p>L\u2019IA Act demande aux \u00c9tats membres d\u2019instaurer un syst\u00e8me de sanctions effectives, proportionn\u00e9es et dissuasives en cas de non-respect des r\u00e8gles applicables aux SIA.<\/p>\n\n\n\n<p>Il fixe ainsi les seuils suivants&nbsp;:<\/p>\n\n\n\n<ul class=\"wp-block-list\">\n<li>jusqu&#8217;\u00e0 35 millions d&#8217;EUR ou 7 % du chiffre d&#8217;affaires annuel mondial total r\u00e9alis\u00e9 au cours de l&#8217;exercice pr\u00e9c\u00e9dent (le montant le plus \u00e9lev\u00e9 \u00e9tant retenu) en cas d&#8217;infractions correspondant \u00e0 des pratiques interdites ou \u00e0 un non-respect des exigences relatives aux donn\u00e9es;<\/li>\n\n\n\n<li>jusqu&#8217;\u00e0 15 millions d&#8217;euros ou 3 % du chiffre d&#8217;affaires annuel mondial total r\u00e9alis\u00e9 au cours de l&#8217;exercice pr\u00e9c\u00e9dent en cas d&#8217;inobservation d&#8217;une des autres exigences ou obligations pr\u00e9vues par le r\u00e8glement;<\/li>\n\n\n\n<li>jusqu&#8217;\u00e0 7,5 millions d&#8217;EUR ou 1,5 % du chiffre d&#8217;affaires annuel mondial total r\u00e9alis\u00e9 au cours de l&#8217;exercice pr\u00e9c\u00e9dent si des informations inexactes, incompl\u00e8tes ou trompeuses ont \u00e9t\u00e9 fournies aux organismes notifi\u00e9s ou aux autorit\u00e9s nationales comp\u00e9tentes en r\u00e9ponse \u00e0 une demande;<\/li>\n<\/ul>\n\n\n\n<p>L\u2019IA Act pr\u00e9voit que pour chaque cat\u00e9gorie d&#8217;infraction, le seuil sera le plus faible des deux montants pour les PME et le plus \u00e9lev\u00e9 des deux pour les autres entreprises.<\/p>\n\n\n\n<p>La Commission est charg\u00e9e de la supervision des fournisseurs de mod\u00e8les d&#8217;IA \u00e0 usage g\u00e9n\u00e9ral en infligeant des amendes, en tenant compte du seuil suivant:<\/p>\n\n\n\n<ul class=\"wp-block-list\">\n<li>jusqu&#8217;\u00e0 15 millions d&#8217;euros ou 3 % du chiffre d&#8217;affaires annuel mondial total r\u00e9alis\u00e9 au cours de l&#8217;exercice pr\u00e9c\u00e9dent en cas de non-respect d&#8217;une des autres obligations ou mesures exig\u00e9es par la Commission.<\/li>\n<\/ul>\n\n\n\n<p>Les institutions, agences et organes de l&#8217;Union europ\u00e9enne sont \u00e9galement soumis aux r\u00e8gles et pourront encourir des sanctions. Le Contr\u00f4leur europ\u00e9en de la protection des donn\u00e9es aura le pouvoir de leur infliger des amendes en cas de non-respect du IA Act.<\/p>\n\n\n\n<p><strong><mark style=\"background-color:rgba(0, 0, 0, 0)\" class=\"has-inline-color has-vivid-cyan-blue-color\">Quel calendrier&nbsp;?<\/mark><\/strong><\/p>\n\n\n\n<p>L\u2019IA Act est entr\u00e9 en vigueur le 1<sup>er<\/sup> aout 2024 et sera applicable \u00e0 partir du 2 ao\u00fbt 2026.<\/p>\n\n\n\n<p>Toutefois, certaines r\u00e8gles seront d\u2019application de mani\u00e8re graduelle&nbsp;:<\/p>\n\n\n\n<ul class=\"wp-block-list\">\n<li>Les r\u00e8gles relatives aux pratiques interdites s&#8217;appliqueront six mois apr\u00e8s son entr\u00e9e en vigueur (soit au 2 f\u00e9vrier 2025).<\/li>\n<\/ul>\n\n\n\n<ul class=\"wp-block-list\">\n<li>Les codes de pratique pour les mod\u00e8les d&#8217;IA \u00e0 usage g\u00e9n\u00e9ral devraient \u00eatre publi\u00e9s, au plus tard, par la Commission, neuf mois apr\u00e8s son entr\u00e9e en vigueur (1er trimestre 2025).<\/li>\n<\/ul>\n\n\n\n<ul class=\"wp-block-list\">\n<li>Les r\u00e8gles concernant les mod\u00e8les d&#8217;IA \u00e0 usage g\u00e9n\u00e9ral s&#8217;appliqueront douze mois apr\u00e8s son entr\u00e9e en vigueur (2 ao\u00fbt 2025). Ce sera aussi la date limite pour la d\u00e9signation des autorit\u00e9s nationales de surveillance du march\u00e9 et la publication de certaines lignes directrices sur les syst\u00e8mes d&#8217;IA \u00e0 haut risque par la Commission.<\/li>\n<\/ul>\n\n\n\n<ul class=\"wp-block-list\">\n<li>La Commission devra publier des lignes directrices sur la classification des syst\u00e8mes d&#8217;IA \u00e0 \u00ab&nbsp;haut risque&nbsp;\u00bb au plus tard dix-huit mois apr\u00e8s son entr\u00e9e en vigueur (soit d\u00e9but 2026).<\/li>\n<\/ul>\n\n\n\n<ul class=\"wp-block-list\">\n<li>Les r\u00e8gles concernant les syst\u00e8mes d&#8217;IA \u00e0 \u00ab&nbsp;haut risque&nbsp;\u00bb \u00e9num\u00e9r\u00e9es \u00e0 l&#8217;annexe III s&#8217;appliqueront vingt-quatre mois apr\u00e8s son entr\u00e9e en vigueur ( le 2 ao\u00fbt 2026).<\/li>\n<\/ul>\n\n\n\n<ul class=\"wp-block-list\">\n<li>Les r\u00e8gles concernant les autres syst\u00e8mes d&#8217;IA \u00e0 \u00ab&nbsp;haut risque&nbsp;\u00bb s&#8217;appliqueront trente-six mois apr\u00e8s son entr\u00e9e en vigueur ( aout 2027).<\/li>\n<\/ul>\n\n\n\n<p><strong><mark style=\"background-color:rgba(0, 0, 0, 0)\" class=\"has-inline-color has-vivid-cyan-blue-color\">Pour conclure\u2026&nbsp;<\/mark><\/strong><\/p>\n\n\n\n<p>L\u2019IA Act a la difficile t\u00e2che de constituer la premi\u00e8re r\u00e9glementation de cette activit\u00e9 technologique aux multiples usages.<\/p>\n\n\n\n<p>La structure r\u00e9glementaire est fort complexe et la gouvernance est partag\u00e9e entre l&#8217;Union et les \u00c9tats membres. Il est probable que certains acteurs comme les fournisseurs ou les d\u00e9ployeurs pourraient consid\u00e9rer les proc\u00e9dures impos\u00e9es comme lourdes ou couteuses (enregistrement, marquage CE, \u00e9valuation des risques,\u2026).&nbsp; &nbsp;<\/p>\n\n\n\n<p>Cela pourrait peser sur l\u2019innovation et le d\u00e9veloppement de certaines start-ups.<\/p>\n\n\n\n<p>Dans un an, la Commission devra rendre son premier rapport sur les pratiques d\u2019IA interdites et les SIA \u00ab&nbsp;\u00e0 haut risque&nbsp;\u00bb. Cela sera l\u2019occasion de v\u00e9rifier les premiers effets du r\u00e8glement sur le secteur de l\u2019IA.<\/p>\n\n\n\n<p><strong>Septembre 2024<\/strong><\/p>\n\n\n\n<p>&nbsp;&nbsp;<\/p>\n\n\n\n<hr class=\"wp-block-separator has-alpha-channel-opacity\"\/>\n\n\n\n<p><a href=\"#_ftnref1\" id=\"_ftn1\">[1]<\/a> Consid\u00e9rant premier du R\u00e8glement (UE) 2024\/1689.<\/p>\n\n\n\n<p><a href=\"#_ftnref2\" id=\"_ftn2\">[2]<\/a> Voy. Commission europ\u00e9enne, Intelligence artificielle &#8211; Questions et r\u00e9ponses*,&nbsp; <a href=\"https:\/\/ec.europa.eu\/commission\/presscorner\/detail\/fr\/QANDA_21_1683\">https:\/\/ec.europa.eu\/commission\/presscorner\/detail\/fr\/QANDA_21_1683<\/a><\/p>\n\n\n\n<p><a href=\"#_ftnref3\" id=\"_ftn3\">[3]<\/a> AI Act : des experts alertent sur le fait que la technologie pourrait d\u00e9passer la r\u00e8glementation, EURACTIV, <a href=\"https:\/\/www.euractiv.fr\/section\/intelligence-artificielle\/news\/ai-act-des-experts-alertent-sur-le-fait-que-la-technologie-pourrait-depasser-la-reglementation\/\">https:\/\/www.euractiv.fr\/section\/intelligence-artificielle\/news\/ai-act-des-experts-alertent-sur-le-fait-que-la-technologie-pourrait-depasser-la-reglementation\/<\/a><\/p>\n","protected":false},"author":4,"featured_media":1259,"template":"","format":"standard","class_list":["post-1258","publication","type-publication","status-publish","format-standard","has-post-thumbnail","hentry"],"acf":[],"yoast_head":"<!-- This site is optimized with the Yoast SEO plugin v27.3 - https:\/\/yoast.com\/product\/yoast-seo-wordpress\/ -->\n<title>L\u2019AI Act est arriv\u00e9\u2026\u00a0\u00a0 \u00a0\u00a0 - Acteo<\/title>\n<meta name=\"robots\" content=\"index, follow, max-snippet:-1, max-image-preview:large, max-video-preview:-1\" \/>\n<link rel=\"canonical\" href=\"https:\/\/www.acteo.be\/nos-publications\/lai-act-est-arrive\/\" \/>\n<meta property=\"og:locale\" content=\"nl_NL\" \/>\n<meta property=\"og:type\" content=\"article\" \/>\n<meta property=\"og:title\" content=\"L\u2019AI Act est arriv\u00e9\u2026\u00a0\u00a0 \u00a0\u00a0 - Acteo\" \/>\n<meta property=\"og:description\" content=\"En mars dernier, apr\u00e8s trois ann\u00e9es de pr\u00e9paration, le Parlement europ\u00e9en adoptait d\u00e9finitivement le projet de r\u00e8glement visant \u00e0 encadrer le d\u00e9veloppement de l\u2019intelligence artificielle (AI) sur le sol europ\u00e9en. Le 12 juillet 2024, le R\u00e8glement (UE) 2024\/1689 du Parlement europ\u00e9en et du Conseil du 13&nbsp;juin 2024 \u00e9tablissant des r\u00e8gles harmonis\u00e9es relatives \u00e0 l\u2019intelligence artificielle [&hellip;]\" \/>\n<meta property=\"og:url\" content=\"https:\/\/www.acteo.be\/nos-publications\/lai-act-est-arrive\/\" \/>\n<meta property=\"og:site_name\" content=\"Acteo\" \/>\n<meta property=\"article:modified_time\" content=\"2024-09-17T12:16:35+00:00\" \/>\n<meta property=\"og:image\" content=\"https:\/\/www.acteo.be\/wp-content\/uploads\/2024\/09\/3A.png\" \/>\n\t<meta property=\"og:image:width\" content=\"1456\" \/>\n\t<meta property=\"og:image:height\" content=\"816\" \/>\n\t<meta property=\"og:image:type\" content=\"image\/png\" \/>\n<meta name=\"twitter:card\" content=\"summary_large_image\" \/>\n<meta name=\"twitter:label1\" content=\"Geschatte leestijd\" \/>\n\t<meta name=\"twitter:data1\" content=\"12 minuten\" \/>\n<script type=\"application\/ld+json\" class=\"yoast-schema-graph\">{\"@context\":\"https:\\\/\\\/schema.org\",\"@graph\":[{\"@type\":\"WebPage\",\"@id\":\"https:\\\/\\\/www.acteo.be\\\/nos-publications\\\/lai-act-est-arrive\\\/\",\"url\":\"https:\\\/\\\/www.acteo.be\\\/nos-publications\\\/lai-act-est-arrive\\\/\",\"name\":\"L\u2019AI Act est arriv\u00e9\u2026\u00a0\u00a0 \u00a0\u00a0 - Acteo\",\"isPartOf\":{\"@id\":\"https:\\\/\\\/www.acteo.be\\\/#website\"},\"primaryImageOfPage\":{\"@id\":\"https:\\\/\\\/www.acteo.be\\\/nos-publications\\\/lai-act-est-arrive\\\/#primaryimage\"},\"image\":{\"@id\":\"https:\\\/\\\/www.acteo.be\\\/nos-publications\\\/lai-act-est-arrive\\\/#primaryimage\"},\"thumbnailUrl\":\"https:\\\/\\\/www.acteo.be\\\/wp-content\\\/uploads\\\/2024\\\/09\\\/3A.png\",\"datePublished\":\"2024-09-17T10:32:19+00:00\",\"dateModified\":\"2024-09-17T12:16:35+00:00\",\"breadcrumb\":{\"@id\":\"https:\\\/\\\/www.acteo.be\\\/nos-publications\\\/lai-act-est-arrive\\\/#breadcrumb\"},\"inLanguage\":\"nl-NL\",\"potentialAction\":[{\"@type\":\"ReadAction\",\"target\":[\"https:\\\/\\\/www.acteo.be\\\/nos-publications\\\/lai-act-est-arrive\\\/\"]}]},{\"@type\":\"ImageObject\",\"inLanguage\":\"nl-NL\",\"@id\":\"https:\\\/\\\/www.acteo.be\\\/nos-publications\\\/lai-act-est-arrive\\\/#primaryimage\",\"url\":\"https:\\\/\\\/www.acteo.be\\\/wp-content\\\/uploads\\\/2024\\\/09\\\/3A.png\",\"contentUrl\":\"https:\\\/\\\/www.acteo.be\\\/wp-content\\\/uploads\\\/2024\\\/09\\\/3A.png\",\"width\":1456,\"height\":816},{\"@type\":\"BreadcrumbList\",\"@id\":\"https:\\\/\\\/www.acteo.be\\\/nos-publications\\\/lai-act-est-arrive\\\/#breadcrumb\",\"itemListElement\":[{\"@type\":\"ListItem\",\"position\":1,\"name\":\"Accueil\",\"item\":\"https:\\\/\\\/www.acteo.be\\\/\"},{\"@type\":\"ListItem\",\"position\":2,\"name\":\"L\u2019AI Act est arriv\u00e9\u2026\u00a0\u00a0 \u00a0\u00a0\"}]},{\"@type\":\"WebSite\",\"@id\":\"https:\\\/\\\/www.acteo.be\\\/#website\",\"url\":\"https:\\\/\\\/www.acteo.be\\\/\",\"name\":\"Acteo\",\"description\":\"\",\"publisher\":{\"@id\":\"https:\\\/\\\/www.acteo.be\\\/#organization\"},\"potentialAction\":[{\"@type\":\"SearchAction\",\"target\":{\"@type\":\"EntryPoint\",\"urlTemplate\":\"https:\\\/\\\/www.acteo.be\\\/?s={search_term_string}\"},\"query-input\":{\"@type\":\"PropertyValueSpecification\",\"valueRequired\":true,\"valueName\":\"search_term_string\"}}],\"inLanguage\":\"nl-NL\"},{\"@type\":\"Organization\",\"@id\":\"https:\\\/\\\/www.acteo.be\\\/#organization\",\"name\":\"Acteo\",\"url\":\"https:\\\/\\\/www.acteo.be\\\/\",\"logo\":{\"@type\":\"ImageObject\",\"inLanguage\":\"nl-NL\",\"@id\":\"https:\\\/\\\/www.acteo.be\\\/#\\\/schema\\\/logo\\\/image\\\/\",\"url\":\"https:\\\/\\\/www.acteo.be\\\/wp-content\\\/uploads\\\/2024\\\/11\\\/logo-acteo-1.png\",\"contentUrl\":\"https:\\\/\\\/www.acteo.be\\\/wp-content\\\/uploads\\\/2024\\\/11\\\/logo-acteo-1.png\",\"width\":500,\"height\":162,\"caption\":\"Acteo\"},\"image\":{\"@id\":\"https:\\\/\\\/www.acteo.be\\\/#\\\/schema\\\/logo\\\/image\\\/\"},\"sameAs\":[\"https:\\\/\\\/www.linkedin.com\\\/company\\\/acto-cabinet-d'avocats\\\/\"]}]}<\/script>\n<!-- \/ Yoast SEO plugin. -->","yoast_head_json":{"title":"L\u2019AI Act est arriv\u00e9\u2026\u00a0\u00a0 \u00a0\u00a0 - Acteo","robots":{"index":"index","follow":"follow","max-snippet":"max-snippet:-1","max-image-preview":"max-image-preview:large","max-video-preview":"max-video-preview:-1"},"canonical":"https:\/\/www.acteo.be\/nos-publications\/lai-act-est-arrive\/","og_locale":"nl_NL","og_type":"article","og_title":"L\u2019AI Act est arriv\u00e9\u2026\u00a0\u00a0 \u00a0\u00a0 - Acteo","og_description":"En mars dernier, apr\u00e8s trois ann\u00e9es de pr\u00e9paration, le Parlement europ\u00e9en adoptait d\u00e9finitivement le projet de r\u00e8glement visant \u00e0 encadrer le d\u00e9veloppement de l\u2019intelligence artificielle (AI) sur le sol europ\u00e9en. Le 12 juillet 2024, le R\u00e8glement (UE) 2024\/1689 du Parlement europ\u00e9en et du Conseil du 13&nbsp;juin 2024 \u00e9tablissant des r\u00e8gles harmonis\u00e9es relatives \u00e0 l\u2019intelligence artificielle [&hellip;]","og_url":"https:\/\/www.acteo.be\/nos-publications\/lai-act-est-arrive\/","og_site_name":"Acteo","article_modified_time":"2024-09-17T12:16:35+00:00","og_image":[{"width":1456,"height":816,"url":"https:\/\/www.acteo.be\/wp-content\/uploads\/2024\/09\/3A.png","type":"image\/png"}],"twitter_card":"summary_large_image","twitter_misc":{"Geschatte leestijd":"12 minuten"},"schema":{"@context":"https:\/\/schema.org","@graph":[{"@type":"WebPage","@id":"https:\/\/www.acteo.be\/nos-publications\/lai-act-est-arrive\/","url":"https:\/\/www.acteo.be\/nos-publications\/lai-act-est-arrive\/","name":"L\u2019AI Act est arriv\u00e9\u2026\u00a0\u00a0 \u00a0\u00a0 - Acteo","isPartOf":{"@id":"https:\/\/www.acteo.be\/#website"},"primaryImageOfPage":{"@id":"https:\/\/www.acteo.be\/nos-publications\/lai-act-est-arrive\/#primaryimage"},"image":{"@id":"https:\/\/www.acteo.be\/nos-publications\/lai-act-est-arrive\/#primaryimage"},"thumbnailUrl":"https:\/\/www.acteo.be\/wp-content\/uploads\/2024\/09\/3A.png","datePublished":"2024-09-17T10:32:19+00:00","dateModified":"2024-09-17T12:16:35+00:00","breadcrumb":{"@id":"https:\/\/www.acteo.be\/nos-publications\/lai-act-est-arrive\/#breadcrumb"},"inLanguage":"nl-NL","potentialAction":[{"@type":"ReadAction","target":["https:\/\/www.acteo.be\/nos-publications\/lai-act-est-arrive\/"]}]},{"@type":"ImageObject","inLanguage":"nl-NL","@id":"https:\/\/www.acteo.be\/nos-publications\/lai-act-est-arrive\/#primaryimage","url":"https:\/\/www.acteo.be\/wp-content\/uploads\/2024\/09\/3A.png","contentUrl":"https:\/\/www.acteo.be\/wp-content\/uploads\/2024\/09\/3A.png","width":1456,"height":816},{"@type":"BreadcrumbList","@id":"https:\/\/www.acteo.be\/nos-publications\/lai-act-est-arrive\/#breadcrumb","itemListElement":[{"@type":"ListItem","position":1,"name":"Accueil","item":"https:\/\/www.acteo.be\/"},{"@type":"ListItem","position":2,"name":"L\u2019AI Act est arriv\u00e9\u2026\u00a0\u00a0 \u00a0\u00a0"}]},{"@type":"WebSite","@id":"https:\/\/www.acteo.be\/#website","url":"https:\/\/www.acteo.be\/","name":"Acteo","description":"","publisher":{"@id":"https:\/\/www.acteo.be\/#organization"},"potentialAction":[{"@type":"SearchAction","target":{"@type":"EntryPoint","urlTemplate":"https:\/\/www.acteo.be\/?s={search_term_string}"},"query-input":{"@type":"PropertyValueSpecification","valueRequired":true,"valueName":"search_term_string"}}],"inLanguage":"nl-NL"},{"@type":"Organization","@id":"https:\/\/www.acteo.be\/#organization","name":"Acteo","url":"https:\/\/www.acteo.be\/","logo":{"@type":"ImageObject","inLanguage":"nl-NL","@id":"https:\/\/www.acteo.be\/#\/schema\/logo\/image\/","url":"https:\/\/www.acteo.be\/wp-content\/uploads\/2024\/11\/logo-acteo-1.png","contentUrl":"https:\/\/www.acteo.be\/wp-content\/uploads\/2024\/11\/logo-acteo-1.png","width":500,"height":162,"caption":"Acteo"},"image":{"@id":"https:\/\/www.acteo.be\/#\/schema\/logo\/image\/"},"sameAs":["https:\/\/www.linkedin.com\/company\/acto-cabinet-d'avocats\/"]}]}},"_links":{"self":[{"href":"https:\/\/www.acteo.be\/nl\/wp-json\/wp\/v2\/publication\/1258","targetHints":{"allow":["GET"]}}],"collection":[{"href":"https:\/\/www.acteo.be\/nl\/wp-json\/wp\/v2\/publication"}],"about":[{"href":"https:\/\/www.acteo.be\/nl\/wp-json\/wp\/v2\/types\/publication"}],"author":[{"embeddable":true,"href":"https:\/\/www.acteo.be\/nl\/wp-json\/wp\/v2\/users\/4"}],"wp:featuredmedia":[{"embeddable":true,"href":"https:\/\/www.acteo.be\/nl\/wp-json\/wp\/v2\/media\/1259"}],"wp:attachment":[{"href":"https:\/\/www.acteo.be\/nl\/wp-json\/wp\/v2\/media?parent=1258"}],"curies":[{"name":"wp","href":"https:\/\/api.w.org\/{rel}","templated":true}]}}