{"id":1184,"date":"2024-06-10T18:00:58","date_gmt":"2024-06-10T16:00:58","guid":{"rendered":"https:\/\/www.acteo.be\/?post_type=publication&#038;p=1184"},"modified":"2024-06-10T18:00:58","modified_gmt":"2024-06-10T16:00:58","slug":"a-qui-appartient-lespace","status":"publish","type":"publication","link":"https:\/\/www.acteo.be\/nl\/nos-publications\/a-qui-appartient-lespace\/","title":{"rendered":"A qui appartient l\u2019espace\u00a0?"},"content":{"rendered":"\n<p><strong><u>Questions relatives au droit de l\u2019espace.<\/u><\/strong><\/p>\n\n\n\n<p>1.  Lorsque l\u2019astronome amateur ou professionnel contemple le ciel, il ne peut s\u2019emp\u00eacher de songer aux origines de l\u2019univers\u2026 Pourquoi le Big Bang\u00a0? La vie existe-t-elle ailleurs\u00a0? L\u2019homme pourra-t-il un jour atteindre des plan\u00e8tes lointaines et inexplor\u00e9es\u00a0?&#8230;\u00a0<\/p>\n\n\n\n<ol class=\"wp-block-list\"><\/ol>\n\n\n\n<p>Mais il est plus rare qu\u2019on se demande \u00e0 qui appartient l\u2019espace. &nbsp;<\/p>\n\n\n\n<p>Cette question et toutes les interrogations relatives \u00e0 l\u2019activit\u00e9 humaine sont assez r\u00e9centes puisque ce n\u2019est qu\u2019en 1957, ann\u00e9e de la premi\u00e8re satellisation (celle de Spoutnik 1), qu\u2019elles ont commenc\u00e9 \u00e0 agiter les milieux int\u00e9ress\u00e9s.<\/p>\n\n\n\n<p>Tr\u00e8s rapidement, les juristes ont entam\u00e9 une r\u00e9flexion sur la mani\u00e8re de r\u00e9gir l\u2019activit\u00e9 humaine dans l\u2019espace extra-atmosph\u00e9rique&nbsp;: \u00e0 qui appartient l\u2019espace&nbsp;? Quelle loi lui appliquer&nbsp;? Quel serait le tribunal comp\u00e9tent en cas de litige&nbsp;?<\/p>\n\n\n\n<p>Dans le contexte de guerre froide qui fut celui des d\u00e9buts de l\u2019exploration spatiale, c\u2019est logiquement la question de la souverainet\u00e9 de l\u2019espace qui a aliment\u00e9 les premi\u00e8res discussions. Le drapeau plant\u00e9 par Neil Armstrong sur la lune le 20 juillet 1969 permet-il aux Etats Unis de revendiquer une possession sur le satellite de la terre&nbsp;?&nbsp; Qu\u2019en est-il du sol martien foul\u00e9 par le rover de la NASA \u00ab&nbsp;Curiosity&nbsp;\u00bb&nbsp;?&nbsp;&nbsp;&nbsp;&nbsp;<\/p>\n\n\n\n<p>2.  C\u2018est le 27 janvier 1967 que fut sign\u00e9 par plusieurs Etats, dans le cadre de l\u2019Organisation des Nations-Unis, le premier texte juridique contraignant consacr\u00e9 \u00e0 l\u2019espace\u00a0: le Trait\u00e9 sur les principes r\u00e9gissant les activit\u00e9s des \u00c9tats en mati\u00e8re d\u2019exploration et d\u2019utilisation de l\u2019espace extra-atmosph\u00e9rique, y compris la Lune et les autres corps c\u00e9lestes (dit \u00ab\u00a0Le Trait\u00e9 de l\u2019espace\u00a0\u00bb)<a id=\"_ftnref1\" href=\"#_ftn1\">[1]<\/a>.<\/p>\n\n\n\n<p>le Trait\u00e9 de l\u2019espace a permis d\u2019\u00e9tablir certains principes g\u00e9n\u00e9raux que l\u2019humanit\u00e9 s\u2019est engag\u00e9e \u00e0 ne jamais transgresser.&nbsp;<\/p>\n\n\n\n<p>Le premier de ces principes est que l\u2019espace extra-atmosph\u00e9rique, en ce compris la lune et les autres corps c\u00e9lestes, ne peut faire l\u2019objet d\u2019appropriation nationale en aucune mani\u00e8re. C\u2019est le principe de base r\u00e9gissant toute activit\u00e9 humaine dans l\u2019espace&nbsp;: aucun Etat ne peut pr\u00e9tendre poss\u00e9der une quelconque portion de l\u2019espace ou un corps c\u00e9leste, quel qu\u2019il soit.<\/p>\n\n\n\n<p>Guerre froide oblige, le Trait\u00e9 de l\u2019espace a aussi \u00e9t\u00e9 l\u2019occasion de s\u2019accorder sur un second principe fondamental&nbsp;: celui de la non-militarisation de l\u2019espace. Ceci signifie que l\u2019exploration spatiale ne peut avoir qu\u2019un but pacifique. Il est ainsi totalement prohib\u00e9 de mettre sur orbite des armes de destruction massive ou des armes nucl\u00e9aires, par exemple, l\u2019id\u00e9e \u00e9tant que l\u2019exploration spatiale ne peut et ne doit contribuer qu\u2019\u00e0 la recherche scientifique et au d\u00e9veloppement de l\u2019humanit\u00e9.<\/p>\n\n\n\n<p>Outre ces deux principes fondateurs, le Trait\u00e9 de l\u2019espace a \u00e9galement impos\u00e9 diverses obligations aux Etats signataires du Trait\u00e9.<\/p>\n\n\n\n<p>Ainsi, il existe une obligation d\u2019assistance mutuelle entre les Etats en cas d\u2019accident spatial. Les Etats doivent aussi exercer leur contr\u00f4le et leur juridiction sur chacun des objets qu\u2019ils envoient dans l\u2019espace. Ils sont encore seuls responsables des dommages que peuvent causer ces objets \u00e0 toute partie tierce.<\/p>\n\n\n\n<blockquote class=\"wp-block-quote is-layout-flow wp-block-quote-is-layout-flow\">\n<p>3.  Ce texte de base a ensuite \u00e9t\u00e9 suivi de plusieurs autres instruments juridiques internationaux (adopt\u00e9s par l\u2019Assembl\u00e9e G\u00e9n\u00e9rale des Nations Unies) afin de r\u00e9gir des questions plus sp\u00e9cifiques auxquelles sont confront\u00e9s les Etats ayant d\u00e9velopp\u00e9 une activit\u00e9 spatiale<a id=\"_ftnref2\" href=\"#_ftn2\">[2]<\/a>\u00a0:<\/p>\n<\/blockquote>\n\n\n\n<ul class=\"wp-block-list\">\n<li>L\u2019Accord sur le sauvetage des astronautes, le retour des astronautes et la restitution des objets lanc\u00e9s dans l\u2019espace extra-atmosph\u00e9rique (Conclu \u00e0 Washington, Moscou et Londres le 22 avril 1968)\u00a0;<\/li>\n<\/ul>\n\n\n\n<ul class=\"wp-block-list\">\n<li>La Convention sur la responsabilit\u00e9 internationale pour les dommages caus\u00e9s par des objets spatiaux\u00a0(Conclue \u00e0 Londres, Moscou et Washington le 29 mars 1972) ;<\/li>\n<\/ul>\n\n\n\n<ul class=\"wp-block-list\">\n<li>La Convention sur l\u2019immatriculation des objets lanc\u00e9s dans l\u2019espace extra- atmosph\u00e9rique (Conclue \u00e0 New York le 12 novembre 1974)\u00a0;<\/li>\n<\/ul>\n\n\n\n<ul class=\"wp-block-list\">\n<li> L\u2019Accord r\u00e9gissant les activit\u00e9s des Etats sur la lune et les autres corps c\u00e9lestes (conclu le 5 d\u00e9cembre 1979).<\/li>\n<\/ul>\n\n\n\n<ol class=\"wp-block-list\"><\/ol>\n\n\n\n<p>4.  Au-del\u00e0, l\u2019Assembl\u00e9e g\u00e9n\u00e9rale des Nations Unies a adopt\u00e9 de nombreux autres principes et fait des d\u00e9clarations relativement \u00e0 d\u2019autres aspects de l\u2019activit\u00e9 humaine dans l\u2019espace, tels que l\u2019usage de satellites artificiels aux fins de diffusions audiovisuelles, l\u2019observation de la surface terrestre \u00e0 partir de l\u2019espace, l\u2019utilisation de sources d\u2019\u00e9nergie nucl\u00e9aire dans l\u2019espace, etc.<\/p>\n\n\n\n<p>5.  L\u2019espace n\u2019est donc pas une zone de non-droit et des r\u00e8gles strictes doivent \u00eatre respect\u00e9es si on veut y d\u00e9velopper une activit\u00e9 quelconque.<\/p>\n\n\n\n<p>Ces derni\u00e8res ann\u00e9es, l\u2019application de ces r\u00e9glementations de base a \u00e9t\u00e9 confront\u00e9e \u00e0 l\u2019\u00e9mergence d\u2019autres acteurs importants aux cot\u00e9s des Etats&nbsp;: les entit\u00e9s non- gouvernementales (i.e. entreprises priv\u00e9es).<\/p>\n\n\n\n<p>Le Trait\u00e9 de l\u2019espace imposait d\u00e9j\u00e0 \u00e0 toute entit\u00e9 non gouvernementale d\u00e9sireuse d\u2019entamer une activit\u00e9 spatiale quelle qu\u2019elle soit, d\u2019obtenir une autorisation pr\u00e9alable de la part de l\u2019Etat concern\u00e9 et de faire l\u2019objet d\u2019une surveillance continue de celui-ci.<\/p>\n\n\n\n<p>La nouveaut\u00e9 r\u00e9side aujourd\u2019hui dans le fait que les principes de base pr\u00e9cit\u00e9s ( la non-appropriation de l\u2019espace ainsi que son utilisation \u00e0 des fins exclusivement scientifiques) &nbsp;sont ouvertement remis en cause par l\u2019\u00e9mergence d\u2019activit\u00e9s \u00e9conomiques nouvelles port\u00e9es par ces entit\u00e9s non gouvernementales&nbsp;: tourisme de l\u2019espace, exploitation des ressources naturelles\u2026<\/p>\n\n\n\n<p>6.  Les Etats-Unis d\u2019Am\u00e9rique semblent \u00eatre les plus assidus dans la remise en cause des principes fondamentaux \u00e9tablis par le Trait\u00e9, et ceci, notamment, depuis l\u2019adoption par le Congr\u00e8s am\u00e9ricain du \u00ab\u00a0Space act of 2015\u00a0\u00bb.<\/p>\n\n\n\n<p>De son nom complet \u00ab&nbsp;<em>Spurring Private Aerospace Competitiveness and Entrepreneurship Act of 2015<\/em> \u00bb, cette loi a pour ambition d\u2019autoriser les citoyens am\u00e9ricains \u00e0 entreprendre l\u2019exploration et l\u2019exploitation commerciale des ressources spatiales, quelles qu\u2019elles soient.<\/p>\n\n\n\n<p>Or, qui dit exploitation dit prise de possession et donc privatisation de ce qui n\u2019\u00e9tait jusqu\u2019alors la propri\u00e9t\u00e9 de personne ou \u00e9tait un bien commun (<em>res communis<\/em>) ne pouvant \u00eatre appropri\u00e9.&nbsp;&nbsp;<\/p>\n\n\n\n<p>Ce texte affirme, d\u2019une part, le droit des citoyens am\u00e9ricains \u00e0 entamer l\u2019exploitation commerciale de l\u2019espace sans restriction aucune et, d\u2019autre part, il pr\u00e9cise que cette activit\u00e9 doit \u00eatre men\u00e9e conform\u00e9ment aux obligations internationales des Etats Unis et sous la supervision continue du Gouvernement f\u00e9d\u00e9ral.<\/p>\n\n\n\n<p>Certains juristes ont consid\u00e9r\u00e9 que cette loi est en contradiction directe avec les principes fondateurs du Trait\u00e9 de l\u2019espace et qu\u2019elle \u00e9tait m\u00eame dangereuse<a href=\"#_ftn3\" id=\"_ftnref3\">[3]<\/a>. Pourtant, la loi am\u00e9ricaine pr\u00e9cise aussi qu\u2019en adoptant ce texte, les Etats Unis n\u2019affirment aucune souverainet\u00e9, aucun droit exclusif ou droit de propri\u00e9t\u00e9 sur un corps c\u00e9leste.<\/p>\n\n\n\n<p>Il est aujourd\u2019hui difficile d\u2019appr\u00e9cier comment on pourra concilier le principe de non-appropriation de l\u2019espace et l\u2019envie d\u2019en entamer exploitation commerciale. D\u2019aucuns estiment d\u00e9j\u00e0 que le Space Act est une bo\u00eete de Pandore et que le facteur \u00e9conomique va supplanter l\u2019int\u00e9r\u00eat scientifique dans le d\u00e9roulement futur de l\u2019exploration spatiale<a href=\"#_ftn4\" id=\"_ftnref4\">[4]<\/a>.<\/p>\n\n\n\n<p>Esp\u00e9rons que ceci ne se fera pas au d\u00e9triment de la recherche scientifique et ne troublera pas le regard \u00e9merveill\u00e9 de celui qui contemple le ciel\u2026<\/p>\n\n\n\n<p>Avril 2017<\/p>\n\n\n\n<p><\/p>\n\n\n\n<hr class=\"wp-block-separator has-alpha-channel-opacity\"\/>\n\n\n\n<p><a href=\"#_ftnref1\" id=\"_ftn1\">[1]<\/a> Trait\u00e9 du 27 janvier 1967 sur les principes r\u00e9gissant les activit\u00e9s des \u00c9tats en mati\u00e8re d\u2019exploration et d\u2019utilisation de l\u2019espace extra-atmosph\u00e9rique, y compris la Lune et les autres corps c\u00e9lestes disponible sur <a href=\"http:\/\/www.unoosa.org\/pdf\/publications\/STSPACE11F.pdf\">http:\/\/www.unoosa.org\/pdf\/publications\/STSPACE11F.pdf<\/a>&nbsp;&nbsp;<\/p>\n\n\n\n<p><a href=\"#_ftnref2\" id=\"_ftn2\">[2]<\/a> Disponibles sur <a href=\"http:\/\/www.unoosa.org\/pdf\/publications\/STSPACE11F.pdf\">http:\/\/www.unoosa.org\/pdf\/publications\/STSPACE11F.pdf<\/a>&nbsp;&nbsp;<\/p>\n\n\n\n<p><a href=\"#_ftnref3\" id=\"_ftn3\">[3]<\/a> Gbenga Oduntan, <strong>Who owns space? US <\/strong>asteroid-mining<strong> act is dangerous and potentially&nbsp;illegal, The Conversation<\/strong><strong>, <\/strong>November 25, 2015, <a href=\"https:\/\/theconversation.com\/who-owns-space-us-asteroid-mining-act-is-dangerous-and-potentially-illegal-51073\">https:\/\/theconversation.com\/who-owns-space-us-asteroid-mining-act-is-dangerous-and-potentially-illegal-51073<\/a><\/p>\n\n\n\n<p><a href=\"#_ftnref4\" id=\"_ftn4\">[4]<\/a> The Global Europe Anticipation Bulletin,&nbsp; Conquest of space and multipolarity \u2013 Shooting Star Wars, <em>GEAB No 106 \/ June 2016 accessible sur <a href=\"http:\/\/geab.eu\/the-conquest-of-space-and-multipolarity-shooting-star-wars-2\/\">http:\/\/geab.eu\/the-conquest-of-space-and-multipolarity-shooting-star-wars-2\/<\/a><\/em><\/p>\n","protected":false},"author":4,"featured_media":1178,"template":"","format":"standard","class_list":["post-1184","publication","type-publication","status-publish","format-standard","has-post-thumbnail","hentry"],"acf":[],"yoast_head":"<!-- This site is optimized with the Yoast SEO plugin v27.3 - https:\/\/yoast.com\/product\/yoast-seo-wordpress\/ -->\n<title>A qui appartient l\u2019espace\u00a0? - Acteo<\/title>\n<meta name=\"robots\" content=\"index, follow, max-snippet:-1, max-image-preview:large, max-video-preview:-1\" \/>\n<link rel=\"canonical\" href=\"https:\/\/www.acteo.be\/nos-publications\/a-qui-appartient-lespace\/\" \/>\n<meta property=\"og:locale\" content=\"nl_NL\" \/>\n<meta property=\"og:type\" content=\"article\" \/>\n<meta property=\"og:title\" content=\"A qui appartient l\u2019espace\u00a0? - Acteo\" \/>\n<meta property=\"og:description\" content=\"Questions relatives au droit de l\u2019espace. 1. Lorsque l\u2019astronome amateur ou professionnel contemple le ciel, il ne peut s\u2019emp\u00eacher de songer aux origines de l\u2019univers\u2026 Pourquoi le Big Bang\u00a0? La vie existe-t-elle ailleurs\u00a0? L\u2019homme pourra-t-il un jour atteindre des plan\u00e8tes lointaines et inexplor\u00e9es\u00a0?&#8230;\u00a0 Mais il est plus rare qu\u2019on se demande \u00e0 qui appartient l\u2019espace. [&hellip;]\" \/>\n<meta property=\"og:url\" content=\"https:\/\/www.acteo.be\/nos-publications\/a-qui-appartient-lespace\/\" \/>\n<meta property=\"og:site_name\" content=\"Acteo\" \/>\n<meta property=\"og:image\" content=\"https:\/\/www.acteo.be\/wp-content\/uploads\/2024\/06\/DSA-31052024.jpg\" \/>\n\t<meta property=\"og:image:width\" content=\"1200\" \/>\n\t<meta property=\"og:image:height\" content=\"630\" \/>\n\t<meta property=\"og:image:type\" content=\"image\/jpeg\" \/>\n<meta name=\"twitter:card\" content=\"summary_large_image\" \/>\n<meta name=\"twitter:label1\" content=\"Geschatte leestijd\" \/>\n\t<meta name=\"twitter:data1\" content=\"6 minuten\" \/>\n<script type=\"application\/ld+json\" class=\"yoast-schema-graph\">{\"@context\":\"https:\\\/\\\/schema.org\",\"@graph\":[{\"@type\":\"WebPage\",\"@id\":\"https:\\\/\\\/www.acteo.be\\\/nos-publications\\\/a-qui-appartient-lespace\\\/\",\"url\":\"https:\\\/\\\/www.acteo.be\\\/nos-publications\\\/a-qui-appartient-lespace\\\/\",\"name\":\"A qui appartient l\u2019espace\u00a0? - Acteo\",\"isPartOf\":{\"@id\":\"https:\\\/\\\/www.acteo.be\\\/#website\"},\"primaryImageOfPage\":{\"@id\":\"https:\\\/\\\/www.acteo.be\\\/nos-publications\\\/a-qui-appartient-lespace\\\/#primaryimage\"},\"image\":{\"@id\":\"https:\\\/\\\/www.acteo.be\\\/nos-publications\\\/a-qui-appartient-lespace\\\/#primaryimage\"},\"thumbnailUrl\":\"https:\\\/\\\/www.acteo.be\\\/wp-content\\\/uploads\\\/2024\\\/06\\\/DSA-31052024.jpg\",\"datePublished\":\"2024-06-10T16:00:58+00:00\",\"breadcrumb\":{\"@id\":\"https:\\\/\\\/www.acteo.be\\\/nos-publications\\\/a-qui-appartient-lespace\\\/#breadcrumb\"},\"inLanguage\":\"nl-NL\",\"potentialAction\":[{\"@type\":\"ReadAction\",\"target\":[\"https:\\\/\\\/www.acteo.be\\\/nos-publications\\\/a-qui-appartient-lespace\\\/\"]}]},{\"@type\":\"ImageObject\",\"inLanguage\":\"nl-NL\",\"@id\":\"https:\\\/\\\/www.acteo.be\\\/nos-publications\\\/a-qui-appartient-lespace\\\/#primaryimage\",\"url\":\"https:\\\/\\\/www.acteo.be\\\/wp-content\\\/uploads\\\/2024\\\/06\\\/DSA-31052024.jpg\",\"contentUrl\":\"https:\\\/\\\/www.acteo.be\\\/wp-content\\\/uploads\\\/2024\\\/06\\\/DSA-31052024.jpg\",\"width\":1200,\"height\":630},{\"@type\":\"BreadcrumbList\",\"@id\":\"https:\\\/\\\/www.acteo.be\\\/nos-publications\\\/a-qui-appartient-lespace\\\/#breadcrumb\",\"itemListElement\":[{\"@type\":\"ListItem\",\"position\":1,\"name\":\"Accueil\",\"item\":\"https:\\\/\\\/www.acteo.be\\\/\"},{\"@type\":\"ListItem\",\"position\":2,\"name\":\"A qui appartient l\u2019espace\u00a0?\"}]},{\"@type\":\"WebSite\",\"@id\":\"https:\\\/\\\/www.acteo.be\\\/#website\",\"url\":\"https:\\\/\\\/www.acteo.be\\\/\",\"name\":\"Acteo\",\"description\":\"\",\"publisher\":{\"@id\":\"https:\\\/\\\/www.acteo.be\\\/#organization\"},\"potentialAction\":[{\"@type\":\"SearchAction\",\"target\":{\"@type\":\"EntryPoint\",\"urlTemplate\":\"https:\\\/\\\/www.acteo.be\\\/?s={search_term_string}\"},\"query-input\":{\"@type\":\"PropertyValueSpecification\",\"valueRequired\":true,\"valueName\":\"search_term_string\"}}],\"inLanguage\":\"nl-NL\"},{\"@type\":\"Organization\",\"@id\":\"https:\\\/\\\/www.acteo.be\\\/#organization\",\"name\":\"Acteo\",\"url\":\"https:\\\/\\\/www.acteo.be\\\/\",\"logo\":{\"@type\":\"ImageObject\",\"inLanguage\":\"nl-NL\",\"@id\":\"https:\\\/\\\/www.acteo.be\\\/#\\\/schema\\\/logo\\\/image\\\/\",\"url\":\"https:\\\/\\\/www.acteo.be\\\/wp-content\\\/uploads\\\/2024\\\/11\\\/logo-acteo-1.png\",\"contentUrl\":\"https:\\\/\\\/www.acteo.be\\\/wp-content\\\/uploads\\\/2024\\\/11\\\/logo-acteo-1.png\",\"width\":500,\"height\":162,\"caption\":\"Acteo\"},\"image\":{\"@id\":\"https:\\\/\\\/www.acteo.be\\\/#\\\/schema\\\/logo\\\/image\\\/\"},\"sameAs\":[\"https:\\\/\\\/www.linkedin.com\\\/company\\\/acto-cabinet-d'avocats\\\/\"]}]}<\/script>\n<!-- \/ Yoast SEO plugin. -->","yoast_head_json":{"title":"A qui appartient l\u2019espace\u00a0? - Acteo","robots":{"index":"index","follow":"follow","max-snippet":"max-snippet:-1","max-image-preview":"max-image-preview:large","max-video-preview":"max-video-preview:-1"},"canonical":"https:\/\/www.acteo.be\/nos-publications\/a-qui-appartient-lespace\/","og_locale":"nl_NL","og_type":"article","og_title":"A qui appartient l\u2019espace\u00a0? - Acteo","og_description":"Questions relatives au droit de l\u2019espace. 1. Lorsque l\u2019astronome amateur ou professionnel contemple le ciel, il ne peut s\u2019emp\u00eacher de songer aux origines de l\u2019univers\u2026 Pourquoi le Big Bang\u00a0? La vie existe-t-elle ailleurs\u00a0? L\u2019homme pourra-t-il un jour atteindre des plan\u00e8tes lointaines et inexplor\u00e9es\u00a0?&#8230;\u00a0 Mais il est plus rare qu\u2019on se demande \u00e0 qui appartient l\u2019espace. [&hellip;]","og_url":"https:\/\/www.acteo.be\/nos-publications\/a-qui-appartient-lespace\/","og_site_name":"Acteo","og_image":[{"width":1200,"height":630,"url":"https:\/\/www.acteo.be\/wp-content\/uploads\/2024\/06\/DSA-31052024.jpg","type":"image\/jpeg"}],"twitter_card":"summary_large_image","twitter_misc":{"Geschatte leestijd":"6 minuten"},"schema":{"@context":"https:\/\/schema.org","@graph":[{"@type":"WebPage","@id":"https:\/\/www.acteo.be\/nos-publications\/a-qui-appartient-lespace\/","url":"https:\/\/www.acteo.be\/nos-publications\/a-qui-appartient-lespace\/","name":"A qui appartient l\u2019espace\u00a0? - Acteo","isPartOf":{"@id":"https:\/\/www.acteo.be\/#website"},"primaryImageOfPage":{"@id":"https:\/\/www.acteo.be\/nos-publications\/a-qui-appartient-lespace\/#primaryimage"},"image":{"@id":"https:\/\/www.acteo.be\/nos-publications\/a-qui-appartient-lespace\/#primaryimage"},"thumbnailUrl":"https:\/\/www.acteo.be\/wp-content\/uploads\/2024\/06\/DSA-31052024.jpg","datePublished":"2024-06-10T16:00:58+00:00","breadcrumb":{"@id":"https:\/\/www.acteo.be\/nos-publications\/a-qui-appartient-lespace\/#breadcrumb"},"inLanguage":"nl-NL","potentialAction":[{"@type":"ReadAction","target":["https:\/\/www.acteo.be\/nos-publications\/a-qui-appartient-lespace\/"]}]},{"@type":"ImageObject","inLanguage":"nl-NL","@id":"https:\/\/www.acteo.be\/nos-publications\/a-qui-appartient-lespace\/#primaryimage","url":"https:\/\/www.acteo.be\/wp-content\/uploads\/2024\/06\/DSA-31052024.jpg","contentUrl":"https:\/\/www.acteo.be\/wp-content\/uploads\/2024\/06\/DSA-31052024.jpg","width":1200,"height":630},{"@type":"BreadcrumbList","@id":"https:\/\/www.acteo.be\/nos-publications\/a-qui-appartient-lespace\/#breadcrumb","itemListElement":[{"@type":"ListItem","position":1,"name":"Accueil","item":"https:\/\/www.acteo.be\/"},{"@type":"ListItem","position":2,"name":"A qui appartient l\u2019espace\u00a0?"}]},{"@type":"WebSite","@id":"https:\/\/www.acteo.be\/#website","url":"https:\/\/www.acteo.be\/","name":"Acteo","description":"","publisher":{"@id":"https:\/\/www.acteo.be\/#organization"},"potentialAction":[{"@type":"SearchAction","target":{"@type":"EntryPoint","urlTemplate":"https:\/\/www.acteo.be\/?s={search_term_string}"},"query-input":{"@type":"PropertyValueSpecification","valueRequired":true,"valueName":"search_term_string"}}],"inLanguage":"nl-NL"},{"@type":"Organization","@id":"https:\/\/www.acteo.be\/#organization","name":"Acteo","url":"https:\/\/www.acteo.be\/","logo":{"@type":"ImageObject","inLanguage":"nl-NL","@id":"https:\/\/www.acteo.be\/#\/schema\/logo\/image\/","url":"https:\/\/www.acteo.be\/wp-content\/uploads\/2024\/11\/logo-acteo-1.png","contentUrl":"https:\/\/www.acteo.be\/wp-content\/uploads\/2024\/11\/logo-acteo-1.png","width":500,"height":162,"caption":"Acteo"},"image":{"@id":"https:\/\/www.acteo.be\/#\/schema\/logo\/image\/"},"sameAs":["https:\/\/www.linkedin.com\/company\/acto-cabinet-d'avocats\/"]}]}},"_links":{"self":[{"href":"https:\/\/www.acteo.be\/nl\/wp-json\/wp\/v2\/publication\/1184","targetHints":{"allow":["GET"]}}],"collection":[{"href":"https:\/\/www.acteo.be\/nl\/wp-json\/wp\/v2\/publication"}],"about":[{"href":"https:\/\/www.acteo.be\/nl\/wp-json\/wp\/v2\/types\/publication"}],"author":[{"embeddable":true,"href":"https:\/\/www.acteo.be\/nl\/wp-json\/wp\/v2\/users\/4"}],"wp:featuredmedia":[{"embeddable":true,"href":"https:\/\/www.acteo.be\/nl\/wp-json\/wp\/v2\/media\/1178"}],"wp:attachment":[{"href":"https:\/\/www.acteo.be\/nl\/wp-json\/wp\/v2\/media?parent=1184"}],"curies":[{"name":"wp","href":"https:\/\/api.w.org\/{rel}","templated":true}]}}